{"id":51,"date":"2018-06-30T15:46:19","date_gmt":"2018-06-30T13:46:19","guid":{"rendered":"https:\/\/pageperso.lis-lab.fr\/thierry.artieres\/?page_id=51"},"modified":"2024-06-11T12:20:40","modified_gmt":"2024-06-11T10:20:40","slug":"publications","status":"publish","type":"page","link":"https:\/\/pageperso.lis-lab.fr\/thierry.artieres\/?page_id=51","title":{"rendered":"Publications"},"content":{"rendered":"<p style=\"text-align: center;\"><span class=\"s1\">\u00a0<\/span><a href=\"http:\/\/scholar.google.fr\/citations?user=UeY4XiAAAAAJ&amp;hl=fr&amp;oi=ao\"><span class=\"s1\">Google profile<\/span><\/a><span class=\"s1\"> | <a href=\"https:\/\/www.researchgate.net\/profile\/Thierry_Artieres\">Research Gate\u00a0<\/a>\u00a0|\u00a0<\/span><span class=\"s1\"><a href=\"http:\/\/orcid.org\/0000-0003-3696-0321\">Orcid<\/a><\/span><\/p>\n<hr \/>\n<h2 style=\"text-align: center;\">Talks<\/h2>\n<ul>\n<li>2024 : <a href=\"https:\/\/pageperso.lis-lab.fr\/thierry.artieres\/wp-content\/uploads\/2024\/06\/TalkNeuro.pdf\">\u00ab\u00a0Deep Learning pour l&rsquo;\u00e9tude du cerveau \u00e0 partir de donn\u00e9es IRM\u00a0\u00bb<\/a>. Dans le cadre du\u00a0 S\u00e9minaire <span>\u00ab IDCHP et ML pour l&rsquo;\u00e9tude du cerveau \u00bb organis\u00e9 par le<\/span><span> th\u00e8me Informatique Distribu\u00e9e et Calcul Haute Performance (IDCHP) de la F\u00e9d\u00e9ration Informatique de Lyon\u00a0<\/span><\/li>\n<li>2022 : Mini-cours sur le Deep Learning, Conf\u00e9rence <span>SnB2022, Paris, Septembre 2022<\/span><\/li>\n<li>2022 : Journ\u00e9es du laboratoire M2P2, Mai 2022<\/li>\n<li>2020 : \u00ab\u00a0IA : Pr\u00e9sent, futur et fantasmes\u00a0\u00bb, <a href=\"https:\/\/www.echosciences-paca.fr\/evenements\/intelligence-artificielle-present-futurs-fantasmes\">Le cercle des savoirs, La Roquebrusanne<\/a>, F\u00e9vrier 2020<\/li>\n<li>2019 : \u00ab\u00a0Introduction \u00e0 l&rsquo;apprentissage profond\u00a0\u00bb, <a href=\"https:\/\/ehermellin.github.io\/conf_sfds\/\">Ecole d&rsquo;\u00e9t\u00e9 : Statistique et Science des Donn\u00e9es pour les jeunes chercheurs d&rsquo;Afrique francophone<\/a>, M&rsquo;Bour (S\u00e9n\u00e9gal), 1-5 Juillet 2019<\/li>\n<li>2019 : \u00ab\u00a0L\u2019intelligence artificielle : une r\u00e9volution ?\u00a0\u00bb, M\u00e9diath\u00e8que, Saint Martin de Crau, Mai 2019.<\/li>\n<li>2019 : \u00ab\u00a0An overview of Deep Learning Research and results\u00a0\u00bb, Invited talk at 2nd International Conference on Data-Driven Plasma Science (ICDDPS-2; <a href=\"https:\/\/icddps2019.sciencesconf.org\/\">https:\/\/icddps2019.sciencesconf.org\/<\/a>), 15 Mai 2019<\/li>\n<li>2019 : \u00ab\u00a0I.A. et deep learning :\u00a0 avanc\u00e9es r\u00e9centes\u00a0\u00bb, <a href=\"https:\/\/ed-mi.u-bordeaux.fr\/L-Ecole-doctorale\/Les-temps-forts\">Journ\u00e9e de l&rsquo;ED EDMI<\/a>, Bordeaux, 4 Avril 2019<\/li>\n<li>2019 : <a href=\"https:\/\/pageperso.lis-lab.fr\/thierry.artieres\/wp-content\/uploads\/2019\/03\/Lyce\u0301e-Thiers-Mars-2019.pdf\">L&rsquo;IA c&rsquo;est quoi au juste ?<\/a>\u00a0: Lyc\u00e9e Thiers, Marseille, 14 Mars 2019<\/li>\n<li>2018 : <a href=\"https:\/\/www.i2m.univ-amu.fr\/seminaires_signal_apprentissage\/Conf\/Nov2018\/\">Etat des lieux du deep learning<\/a>,\u00a0 Journ\u00e9e \u00ab\u00a0Math\u00e9matiques du Deep Learning\u00a0\u00bb, 30 novembre 2018<\/li>\n<li>2018 : <a href=\"http:\/\/www.in2p3.fr\/actions\/formation\/DAQ18\/DAQ_18.html\">ANF CNRS : Ecole d&rsquo;acquisition de donn\u00e9es IN2P3<\/a>, \u00ab\u00a0DAQ Emergeants\u00a0\u00bb, 15 Novembre 2018<\/li>\n<li>2018: <a href=\"https:\/\/pageperso.lis-lab.fr\/thierry.artieres\/wp-content\/uploads\/2018\/09\/LAM_Juin2018_TArtieres.pdf\">State of the art of Deep Learning Research<\/a>, LAM Summer school, Marseille<\/li>\n<li>2018: Recent achievements in Artificial Intelligence, Arcelor, Fos sur Mer<\/li>\n<li>2014: Workshop &lsquo;Is bIG Data Beautiful ?&rsquo; at Aix en Provence<\/li>\n<li>2013:\u00a0<span class=\"s1\"><a href=\"https:\/\/pageperso.lis-lab.fr\/thierry.artieres\/wp-content\/uploads\/2018\/09\/BigDataWshp_v2.pdf\">Classification in a Large Number of Categories<\/a><\/span>\u00a0at DSBDE Workshop (Paris)<\/li>\n<li>2011: Tutorial on Discriminative methods for sequences at ICDAR<\/li>\n<\/ul>\n<p><span class=\"s1\">|<\/span><\/p>\n<h2><\/h2>\n<hr \/>\n<h2 style=\"text-align: center;\">(Partial) Publication list on HAL<\/h2>\n<p style=\"text-align: center;\"><a href=\"https:\/\/dblp.org\/pid\/73\/4767.html\">Probably more complete publication list on DBLP<\/a><\/p>\n<p class=\"p1\">\n<!-- iframe plugin v.6.0 wordpress.org\/plugins\/iframe\/ -->\n<iframe loading=\"lazy\" src=\"https:\/\/haltools.archives-ouvertes.fr\/Public\/afficheRequetePubli.php?auteur_exp=thierry+artieres&#038;CB_auteur=oui&#038;CB_titre=oui&#038;CB_article=oui&#038;langue=Anglais&#038;tri_exp=annee_publi&#038;tri_exp2=typdoc&#038;tri_exp3=date_publi&#038;ordre_aff=TA&#038;Fen=Aff&#038;css=https:\/\/pageperso.lis-lab.fr\/~valentin.emiya\/hal_qarma.css\" width=\"100%\" height=\"15000\" scrolling=\"yes\" class=\"iframe-class\" frameborder=\"0\"><\/iframe>\n<\/p>\n","protected":false},"excerpt":{"rendered":"<p>\u00a0Google profile | Research Gate\u00a0\u00a0|\u00a0Orcid Talks 2024 : \u00ab\u00a0Deep Learning pour l&rsquo;\u00e9tude du cerveau \u00e0 partir de donn\u00e9es IRM\u00a0\u00bb. Dans le cadre du\u00a0 S\u00e9minaire \u00ab IDCHP et ML pour l&rsquo;\u00e9tude du cerveau \u00bb organis\u00e9 par le th\u00e8me Informatique Distribu\u00e9e et Calcul Haute Performance (IDCHP) de la F\u00e9d\u00e9ration Informatique de Lyon\u00a0 2022 : Mini-cours sur le&hellip;<\/p>\n","protected":false},"author":2,"featured_media":0,"parent":0,"menu_order":1,"comment_status":"closed","ping_status":"closed","template":"","meta":{"footnotes":""},"class_list":["post-51","page","type-page","status-publish","hentry"],"_links":{"self":[{"href":"https:\/\/pageperso.lis-lab.fr\/thierry.artieres\/index.php?rest_route=\/wp\/v2\/pages\/51","targetHints":{"allow":["GET"]}}],"collection":[{"href":"https:\/\/pageperso.lis-lab.fr\/thierry.artieres\/index.php?rest_route=\/wp\/v2\/pages"}],"about":[{"href":"https:\/\/pageperso.lis-lab.fr\/thierry.artieres\/index.php?rest_route=\/wp\/v2\/types\/page"}],"author":[{"embeddable":true,"href":"https:\/\/pageperso.lis-lab.fr\/thierry.artieres\/index.php?rest_route=\/wp\/v2\/users\/2"}],"replies":[{"embeddable":true,"href":"https:\/\/pageperso.lis-lab.fr\/thierry.artieres\/index.php?rest_route=%2Fwp%2Fv2%2Fcomments&post=51"}],"version-history":[{"count":39,"href":"https:\/\/pageperso.lis-lab.fr\/thierry.artieres\/index.php?rest_route=\/wp\/v2\/pages\/51\/revisions"}],"predecessor-version":[{"id":1210,"href":"https:\/\/pageperso.lis-lab.fr\/thierry.artieres\/index.php?rest_route=\/wp\/v2\/pages\/51\/revisions\/1210"}],"wp:attachment":[{"href":"https:\/\/pageperso.lis-lab.fr\/thierry.artieres\/index.php?rest_route=%2Fwp%2Fv2%2Fmedia&parent=51"}],"curies":[{"name":"wp","href":"https:\/\/api.w.org\/{rel}","templated":true}]}}